{"version":"1.0","provider_name":"Gy\u00f3gyhat\u00e1s","provider_url":"https:\/\/gyogyhatas.cafeblog.hu","author_name":"Pocogany","author_url":"https:\/\/gyogyhatas.cafeblog.hu\/author\/pocogany\/","title":"A reform\u00e9lelmiszerek - Cikkaj\u00e1nl\u00f3","html":"<h3><strong>Mi tartozik a reform\u00e9lelmiszerek k\u00f6z\u00e9?<\/strong><\/h3>\r\n<p><strong><a href=\"https:\/\/gyogyhatas.cafeblog.hu\/files\/2015\/03\/reform-elelmiszerek.jpg\"><img class=\"alignleft size-medium wp-image-73\" src=\"https:\/\/gyogyhatas.cafeblog.hu\/files\/2015\/03\/reform-elelmiszerek-300x200.jpg\" alt=\"reform-elelmiszerek\" width=\"300\" height=\"200\" \/><\/a>A reform\u00e9lelmiszerek pontos, \u00e9s \u00f6r\u00f6kbecs\u0171 meghat\u00e1roz\u00e1sa szinte lehetetlen.<\/strong><\/p>\r\n<p>Neh\u00e9z, mert koronk\u00e9nt <strong>v\u00e1ltozik, hogy mit tekint\u00fcnk reform\u00e9lelmiszernek<\/strong>, a divat, a tudom\u00e1nyos felfedez\u00e9sek, publik\u00e1ci\u00f3k, \u00e9s nem utols\u00f3 sorban a kereskedelmi lobbinak megfelel\u0151en. A reform\u00e9lelmiszerek ne azonosak a bio \u00e9lelmiszerekkel, de a biogazd\u00e1lkod\u00e1sb\u00f3l sz\u00e1rmaz\u00f3 nyers, f\u00e9lk\u00e9sz \u00e9lelmiszereket is ide soroljuk. Ez nem kiz\u00e1r\u00f3lagos, a reform\u00e9lelmiszer nem kell, hogy egyben bio is legyen.<\/p>\r\n<p><strong>A <a title=\"Mi tartozik a reform\u00e9lelmiszerek k\u00f6z\u00e9?\" href=\"http:\/\/gyogyhatasblog.onlineceger.hu\/cimke\/reformelelmiszerek\" target=\"_blank\">reform\u00e9lelmiszerek<\/a>, a reformt\u00e1pl\u00e1lkoz\u00e1s az ismert \u00e9lelmiszerek tudom\u00e1nyosabb \u00fajszer\u0171<\/strong>, \u00e9s tudatosan eg\u00e9szs\u00e9gesebb \u00f6sszet\u00e9telben t\u00f6rt\u00e9n\u0151 fogyaszt\u00e1s\u00e1t jelentik. A kulcs az eg\u00e9szs\u00e9g, az eg\u00e9szs\u00e9ges t\u00e1pl\u00e1lkoz\u00e1s. N\u00e9zz\u00fcnk bele az \u00e9lelmiszerek tartalm\u00e1ba, hagyjuk ki azon k\u00e9sz\u00edtm\u00e9nyeket, amelyek k\u00e1ros anyagokat tartalmaznak, az \u00e9telk\u00e9sz\u00edt\u00e9s sor\u00e1n \u00fcgyelj\u00fck arra, hogy a vitaminokat, \u00e1sv\u00e1nyi anyagokat nehogy t\u00f6nkretegy\u00fck.<\/p>\r\n<h3><strong>A reform\u00e9lelmiszerek \u00e1ltal\u00e1nos kateg\u00f3ri\u00e1i:<\/strong><\/h3>\r\n<p style=\"text-align: right\"><a title=\"Mi tartozik a reform\u00e9lelmiszerek k\u00f6z\u00e9?\" href=\"http:\/\/gyogyhatasblog.onlineceger.hu\/reformelelmiszerek\" target=\"_blank\">Tov\u00e1bb a teljes cikkre &gt;&gt;<\/a><\/p>","type":"rich"}